{"id":6819,"date":"2023-05-03T10:01:48","date_gmt":"2023-05-03T10:01:48","guid":{"rendered":"https:\/\/www.sehner-unternehmensberatung.de\/industria-y-comercio\/"},"modified":"2025-12-12T15:52:01","modified_gmt":"2025-12-12T15:52:01","slug":"industria-y-comercio","status":"publish","type":"page","link":"https:\/\/www.sehner-unternehmensberatung.de\/es\/industria-y-comercio\/","title":{"rendered":"Industria y comercio"},"content":{"rendered":"<p><div class=\"fusion-fullwidth fullwidth-box fusion-builder-row-1 fusion-flex-container has-pattern-background has-mask-background fusion-parallax-none header-bg nonhundred-percent-fullwidth hundred-percent-height hundred-percent-height-center-content non-hundred-percent-height-scrolling fusion-custom-z-index\" style=\"--awb-border-radius-top-left:0px;--awb-border-radius-top-right:0px;--awb-border-radius-bottom-right:0px;--awb-border-radius-bottom-left:0px;--awb-z-index:1000;--awb-background-image:url(&quot;https:\/\/www.sehner-unternehmensberatung.de\/wp-content\/uploads\/2023\/08\/Header_pic_Transaktionsberatung.webp&quot;);--awb-background-size:cover;--awb-flex-wrap:wrap;\" ><div class=\"fusion-builder-row fusion-row fusion-flex-align-items-center fusion-flex-content-wrap\" style=\"max-width:1154.4px;margin-left: calc(-4% \/ 2 );margin-right: calc(-4% \/ 2 );\"><div class=\"fusion-layout-column fusion_builder_column fusion-builder-column-0 fusion_builder_column_1_1 1_1 fusion-flex-column\" style=\"--awb-bg-size:cover;--awb-width-large:100%;--awb-margin-top-large:0px;--awb-spacing-right-large:1.92%;--awb-margin-bottom-large:0px;--awb-spacing-left-large:1.92%;--awb-width-medium:100%;--awb-order-medium:0;--awb-spacing-right-medium:1.92%;--awb-spacing-left-medium:1.92%;--awb-width-small:100%;--awb-order-small:0;--awb-spacing-right-small:1.92%;--awb-spacing-left-small:1.92%;\"><div class=\"fusion-column-wrapper fusion-column-has-shadow fusion-flex-justify-content-flex-start fusion-content-layout-column\"><div class=\"fusion-text fusion-text-1\"><div class=\"preline-negative\">Hablamos su idioma<\/div>\n<\/div><div class=\"fusion-text fusion-text-2\"><h1 class=\"headline-white\">Industria y comercio<\/h1>\n<\/div><nav class=\"awb-menu awb-menu_column awb-menu_em-hover mobile-mode-collapse-to-button awb-menu_icons-left awb-menu_dc-yes mobile-trigger-fullwidth-off awb-menu_mobile-toggle awb-menu_indent-left mobile-size-full-absolute loading mega-menu-loading awb-menu_desktop awb-menu_dropdown awb-menu_expand-right awb-menu_transition-fade nav-transkationberatung\" style=\"--awb-line-height:27px;--awb-gap:0px;--awb-items-padding-bottom:10px;--awb-color:#212529;--awb-active-color:#212529;--awb-main-justify-content:flex-start;--awb-mobile-color:#212529;--awb-mobile-nav-items-height:30;--awb-mobile-trigger-font-size:16px;--awb-mobile-trigger-color:#212529;--awb-mobile-font-size:16px;--awb-mobile-line-height:20px;--awb-mobile-justify:flex-start;--awb-mobile-caret-left:auto;--awb-mobile-caret-right:0;--awb-fusion-font-family-typography:&quot;Museo Sans 300&quot;;--awb-fusion-font-style-typography:normal;--awb-fusion-font-weight-typography:400;--awb-fusion-font-family-submenu-typography:inherit;--awb-fusion-font-style-submenu-typography:normal;--awb-fusion-font-weight-submenu-typography:400;--awb-fusion-font-family-mobile-typography:&quot;Museo Sans 700&quot;;--awb-fusion-font-style-mobile-typography:normal;--awb-fusion-font-weight-mobile-typography:400;\" aria-label=\"Sectors\" data-breakpoint=\"640\" data-count=\"0\" data-transition-type=\"fade\" data-transition-time=\"300\" data-expand=\"right\"><button type=\"button\" class=\"awb-menu__m-toggle awb-menu__m-toggle_no-text\" aria-expanded=\"false\" aria-controls=\"menu-sectors\"><span class=\"awb-menu__m-toggle-inner\"><span class=\"collapsed-nav-text\"><span class=\"screen-reader-text\">Toggle Navigation<\/span><\/span><span class=\"awb-menu__m-collapse-icon awb-menu__m-collapse-icon_no-text\"><span class=\"awb-menu__m-collapse-icon-open awb-menu__m-collapse-icon-open_no-text icon-subtga\"><\/span><span class=\"awb-menu__m-collapse-icon-close awb-menu__m-collapse-icon-close_no-text fa-times fas\"><\/span><\/span><\/span><\/button><ul id=\"menu-sectors-spanish\" class=\"fusion-menu awb-menu__main-ul awb-menu__main-ul_column\"><li  id=\"menu-item-6906\"  class=\"menu-item menu-item-type-post_type menu-item-object-page menu-item-6906 awb-menu__li awb-menu__main-li awb-menu__main-li_regular\"  data-item-id=\"6906\"><span class=\"awb-menu__main-background-default awb-menu__main-background-default_fade\"><\/span><span class=\"awb-menu__main-background-active awb-menu__main-background-active_fade\"><\/span><a  href=\"https:\/\/www.sehner-unternehmensberatung.de\/es\/asistencia-y-apoyo\/\" class=\"awb-menu__main-a awb-menu__main-a_regular\"><span class=\"menu-text\">Asistencia y apoyo<\/span><\/a><\/li><li  id=\"menu-item-6911\"  class=\"menu-item menu-item-type-post_type menu-item-object-page menu-item-6911 awb-menu__li awb-menu__main-li awb-menu__main-li_regular\"  data-item-id=\"6911\"><span class=\"awb-menu__main-background-default awb-menu__main-background-default_fade\"><\/span><span class=\"awb-menu__main-background-active awb-menu__main-background-active_fade\"><\/span><a  href=\"https:\/\/www.sehner-unternehmensberatung.de\/es\/alimentacion-y-consumo\/\" class=\"awb-menu__main-a awb-menu__main-a_regular\"><span class=\"menu-text\">Alimentaci\u00f3n y consumo<\/span><\/a><\/li><li  id=\"menu-item-6912\"  class=\"menu-item menu-item-type-post_type menu-item-object-page menu-item-6912 awb-menu__li awb-menu__main-li awb-menu__main-li_regular\"  data-item-id=\"6912\"><span class=\"awb-menu__main-background-default awb-menu__main-background-default_fade\"><\/span><span class=\"awb-menu__main-background-active awb-menu__main-background-active_fade\"><\/span><a  href=\"https:\/\/www.sehner-unternehmensberatung.de\/es\/salud-y-tecnologia-medica\/\" class=\"awb-menu__main-a awb-menu__main-a_regular\"><span class=\"menu-text\">Salud y tecnolog\u00eda m\u00e9dica<\/span><\/a><\/li><li  id=\"menu-item-6913\"  class=\"menu-item menu-item-type-post_type menu-item-object-page menu-item-6913 awb-menu__li awb-menu__main-li awb-menu__main-li_regular\"  data-item-id=\"6913\"><span class=\"awb-menu__main-background-default awb-menu__main-background-default_fade\"><\/span><span class=\"awb-menu__main-background-active awb-menu__main-background-active_fade\"><\/span><a  href=\"https:\/\/www.sehner-unternehmensberatung.de\/es\/industria-y-comercio\/\" class=\"awb-menu__main-a awb-menu__main-a_regular\"><span class=\"menu-text\">Industria y comercio<\/span><\/a><\/li><li  id=\"menu-item-6914\"  class=\"menu-item menu-item-type-post_type menu-item-object-page menu-item-6914 awb-menu__li awb-menu__main-li awb-menu__main-li_regular\"  data-item-id=\"6914\"><span class=\"awb-menu__main-background-default awb-menu__main-background-default_fade\"><\/span><span class=\"awb-menu__main-background-active awb-menu__main-background-active_fade\"><\/span><a  href=\"https:\/\/www.sehner-unternehmensberatung.de\/es\/informatica-y-software\/\" class=\"awb-menu__main-a awb-menu__main-a_regular\"><span class=\"menu-text\">Inform\u00e1tica y software<\/span><\/a><\/li><\/ul><\/nav><\/div><\/div><\/div><\/div><div class=\"fusion-fullwidth fullwidth-box fusion-builder-row-2 fusion-flex-container has-pattern-background has-mask-background nonhundred-percent-fullwidth non-hundred-percent-height-scrolling\" style=\"--awb-border-radius-top-left:0px;--awb-border-radius-top-right:0px;--awb-border-radius-bottom-right:0px;--awb-border-radius-bottom-left:0px;--awb-background-color:#ffffff;--awb-flex-wrap:wrap;\" ><div class=\"fusion-builder-row fusion-row fusion-flex-align-items-flex-start fusion-flex-content-wrap\" style=\"max-width:1154.4px;margin-left: calc(-4% \/ 2 );margin-right: calc(-4% \/ 2 );\"><div class=\"fusion-layout-column fusion_builder_column fusion-builder-column-1 fusion_builder_column_1_2 1_2 fusion-flex-column\" style=\"--awb-bg-size:cover;--awb-width-large:50%;--awb-margin-top-large:0px;--awb-spacing-right-large:3.84%;--awb-margin-bottom-large:100px;--awb-spacing-left-large:3.84%;--awb-width-medium:100%;--awb-order-medium:0;--awb-spacing-right-medium:1.92%;--awb-spacing-left-medium:1.92%;--awb-width-small:100%;--awb-order-small:0;--awb-spacing-right-small:1.92%;--awb-spacing-left-small:1.92%;\"><div class=\"fusion-column-wrapper fusion-column-has-shadow fusion-flex-justify-content-flex-start fusion-content-layout-column\"><div class=\"fusion-image-element \" style=\"--awb-caption-title-font-family:var(--h2_typography-font-family);--awb-caption-title-font-weight:var(--h2_typography-font-weight);--awb-caption-title-font-style:var(--h2_typography-font-style);--awb-caption-title-size:var(--h2_typography-font-size);--awb-caption-title-transform:var(--h2_typography-text-transform);--awb-caption-title-line-height:var(--h2_typography-line-height);--awb-caption-title-letter-spacing:var(--h2_typography-letter-spacing);\"><span class=\" fusion-imageframe imageframe-none imageframe-1 hover-type-none\"><img decoding=\"async\" width=\"600\" height=\"633\" title=\"tga new_2\" src=\"https:\/\/www.sehner-unternehmensberatung.de\/wp-content\/uploads\/2023\/08\/tga-new_2.webp\" alt class=\"img-responsive wp-image-6659\"\/><\/span><\/div><\/div><\/div><div class=\"fusion-layout-column fusion_builder_column fusion-builder-column-2 fusion_builder_column_1_2 1_2 fusion-flex-column\" style=\"--awb-bg-size:cover;--awb-width-large:50%;--awb-margin-top-large:0px;--awb-spacing-right-large:3.84%;--awb-margin-bottom-large:0px;--awb-spacing-left-large:3.84%;--awb-width-medium:100%;--awb-order-medium:0;--awb-spacing-right-medium:1.92%;--awb-spacing-left-medium:1.92%;--awb-width-small:100%;--awb-order-small:0;--awb-spacing-right-small:1.92%;--awb-spacing-left-small:1.92%;\"><div class=\"fusion-column-wrapper fusion-column-has-shadow fusion-flex-justify-content-flex-start fusion-content-layout-column\"><div class=\"fusion-text fusion-text-3\"><h2>Industria y comercio<\/h2>\n<p>En los \u00faltimos a\u00f1os se ha desarrollado un floreciente mercado de fusiones y adquisiciones en el sector <strong>industrial y comercial<\/strong>. Varios inversores reconocen las oportunidades en este campo e invierten espec\u00edficamente en PYME para crear y reforzar grupos de empresas de \u00e9xito.<\/p>\n<p>Los <strong>servicios relacionados con la industria<\/strong> suelen tener un enfoque regional y ofrecen una amplia gama de funciones de apoyo que son fundamentales para el buen funcionamiento de las empresas industriales. Estas empresas de servicios incluyen log\u00edstica, mantenimiento, asesoramiento t\u00e9cnico y mucho m\u00e1s. Son socios valiosos para las empresas industriales, ya que contribuyen a aumentar la eficacia operativa y optimizar la cadena de suministro.<\/p>\n<\/div><\/div><\/div><div class=\"fusion-layout-column fusion_builder_column fusion-builder-column-3 fusion_builder_column_1_1 1_1 fusion-flex-column\" style=\"--awb-bg-size:cover;--awb-width-large:100%;--awb-margin-top-large:0px;--awb-spacing-right-large:1.92%;--awb-margin-bottom-large:0px;--awb-spacing-left-large:1.92%;--awb-width-medium:100%;--awb-order-medium:0;--awb-spacing-right-medium:1.92%;--awb-spacing-left-medium:1.92%;--awb-width-small:100%;--awb-order-small:0;--awb-spacing-right-small:1.92%;--awb-spacing-left-small:1.92%;\"><div class=\"fusion-column-wrapper fusion-column-has-shadow fusion-flex-justify-content-flex-start fusion-content-layout-column\"><\/div><\/div><div class=\"fusion-layout-column fusion_builder_column fusion-builder-column-4 fusion_builder_column_1_2 1_2 fusion-flex-column\" style=\"--awb-bg-size:cover;--awb-width-large:50%;--awb-margin-top-large:0px;--awb-spacing-right-large:3.84%;--awb-margin-bottom-large:0px;--awb-spacing-left-large:3.84%;--awb-width-medium:100%;--awb-order-medium:0;--awb-spacing-right-medium:1.92%;--awb-spacing-left-medium:1.92%;--awb-width-small:100%;--awb-order-small:0;--awb-spacing-right-small:1.92%;--awb-spacing-left-small:1.92%;\"><div class=\"fusion-column-wrapper fusion-column-has-shadow fusion-flex-justify-content-flex-start fusion-content-layout-column\"><div class=\"fusion-text fusion-text-4\"><p>Las empresas industriales que act\u00faan como <strong>fabricantes de productos<\/strong> suelen tener ambiciones internacionales. Est\u00e1n ampliando su alcance mediante adquisiciones estrat\u00e9gicas para entrar en nuevos mercados y aumentar su capacidad de producci\u00f3n. En ambos sectores -servicios relacionados con la industria y empresas industriales- tenemos amplia experiencia en forjar las alianzas adecuadas. Esta experiencia es crucial para identificar sinergias y garantizar una integraci\u00f3n fluida.<\/p>\n<p>La industria se centra cada vez m\u00e1s en las emisiones de CO2 y la <strong>sostenibilidad<\/strong>, adem\u00e1s de la <strong>digitalizaci\u00f3n<\/strong>. Las empresas industriales responden a la creciente demanda de reducir el consumo de energ\u00eda y utilizar energ\u00edas renovables.<\/p>\n<p><strong>La sostenibilidad<\/strong> se ha convertido en una consideraci\u00f3n clave para los inversores que se adentran en el sector industrial y comercial. Buscan formas de apoyar a las empresas que desarrollan soluciones innovadoras para afrontar estos retos.<\/p>\n<p>Esta din\u00e1mica constituye una transici\u00f3n sin fisuras hacia las <strong>empresas comerciales<\/strong>. Aqu\u00ed acompa\u00f1amos diferentes conceptos en el \u00e1mbito de las infraestructuras, conceptos energ\u00e9ticos <strong>y equipos t\u00e9cnicos de construcci\u00f3n (TGA). Artesan\u00eda<\/strong> Las empresas con forma de este sector est\u00e1n experimentando una gran demanda de sus conocimientos. Al mismo tiempo, los cambios tecnol\u00f3gicos traen consigo oportunidades de crecimiento, pero tambi\u00e9n retos. La necesidad de alcanzar escalas de tama\u00f1o cr\u00edticas ha llevado al desarrollo de soluciones de digitalizaci\u00f3n, incluida la planificaci\u00f3n en 3D y las nuevas conexiones de productos electrot\u00e9cnicos. <strong>Las tecnolog\u00edas de medici\u00f3n y control<\/strong> tambi\u00e9n desempe\u00f1an un papel importante, especialmente en el \u00e1mbito del <strong>control del flujo de energ\u00eda<\/strong>, las bombas de calor, la energ\u00eda fotovoltaica y la tecnolog\u00eda de almacenamiento. Esta evoluci\u00f3n exige una mayor <strong>cooperaci\u00f3n entre los oficios tradicionales<\/strong>.<\/p>\n<\/div><\/div><\/div><div class=\"fusion-layout-column fusion_builder_column fusion-builder-column-5 fusion_builder_column_1_2 1_2 fusion-flex-column\" style=\"--awb-bg-size:cover;--awb-width-large:50%;--awb-margin-top-large:0px;--awb-spacing-right-large:3.84%;--awb-margin-bottom-large:0px;--awb-spacing-left-large:3.84%;--awb-width-medium:100%;--awb-order-medium:0;--awb-spacing-right-medium:1.92%;--awb-spacing-left-medium:1.92%;--awb-width-small:100%;--awb-order-small:0;--awb-spacing-right-small:1.92%;--awb-spacing-left-small:1.92%;\"><div class=\"fusion-column-wrapper fusion-column-has-shadow fusion-flex-justify-content-flex-start fusion-content-layout-column\"><div class=\"fusion-text fusion-text-5\"><p>La importancia de la <strong>tecnolog\u00eda medioambiental<\/strong> sostenible, como la descontaminaci\u00f3n y eliminaci\u00f3n de residuos o la <strong>higiene del agua<\/strong>, como mercado por derecho propio, es inmensa en el mundo actual. Las empresas recurren cada vez m\u00e1s a <strong>tecnolog\u00edas y soluciones innovadoras para<\/strong> hacer frente a los retos medioambientales y lograr al mismo tiempo el \u00e9xito econ\u00f3mico. Ante la creciente concienciaci\u00f3n medioambiental y la <strong>normativa legal<\/strong>, cada vez m\u00e1s empresas reconocen el valor a\u00f1adido de una orientaci\u00f3n sostenible. En este contexto, la estrategia de combinar la sucesi\u00f3n en la vejez con el desarrollo de la empresa en una asociaci\u00f3n de tama\u00f1o medio es cada vez m\u00e1s importante. Las sinergias se aprovechan para aunar conocimientos y recursos probados, implantar tecnolog\u00edas innovadoras y, al mismo tiempo, garantizar la conservaci\u00f3n del patrimonio de la empresa.<\/p>\n<p>Paralelamente, el <strong>mercado de la fabricaci\u00f3n electr\u00f3nica y los EMS<\/strong> (servicios de fabricaci\u00f3n electr\u00f3nica) tambi\u00e9n se desarrolla con rapidez. Los avances en <strong>electr\u00f3nica, automatizaci\u00f3n y digitalizaci\u00f3n<\/strong> han dado lugar a un entorno din\u00e1mico en el que surgen nuevas oportunidades para inversores y PYME. Mediante la introducci\u00f3n <strong>de procesos de fabricaci\u00f3n innovadores<\/strong>, tecnolog\u00edas inteligentes y modelos empresariales \u00e1giles, los inversores y las PYME pueden colaborar para establecer nuevos l\u00edderes de mercado. Este sector del mercado demuestra de manera impresionante c\u00f3mo una cooperaci\u00f3n fruct\u00edfera entre inversores y PYME puede conducir a un desarrollo tecnol\u00f3gico acelerado y a la creaci\u00f3n de nuevas oportunidades de crecimiento. La acertada combinaci\u00f3n de capital y experiencia permite dar forma a empresas pioneras y aprovechar el poder innovador de la industria electr\u00f3nica.<\/p>\n<p>Llevamos muchos a\u00f1os apoyando a grupos medianos de empresas que persiguen el objetivo de <strong>crear redes interempresariales<\/strong>. Estas redes preservan las estructuras de tama\u00f1o medio, refuerzan los puntos fuertes regionales y <strong>garantizan la viabilidad futura de todos los implicados<\/strong>. Nuestros conocimientos y experiencia son componentes clave para desarrollar alianzas empresariales sostenibles y exitosas.<\/p>\n<\/div><\/div><\/div><\/div><\/div><div class=\"fusion-fullwidth fullwidth-box fusion-builder-row-3 fusion-flex-container has-pattern-background has-mask-background nonhundred-percent-fullwidth non-hundred-percent-height-scrolling\" style=\"--awb-border-radius-top-left:0px;--awb-border-radius-top-right:0px;--awb-border-radius-bottom-right:0px;--awb-border-radius-bottom-left:0px;--awb-flex-wrap:wrap;\" ><div class=\"fusion-builder-row fusion-row fusion-flex-align-items-flex-start fusion-flex-justify-content-center fusion-flex-content-wrap\" style=\"max-width:1154.4px;margin-left: calc(-4% \/ 2 );margin-right: calc(-4% \/ 2 );\"><div class=\"fusion-layout-column fusion_builder_column fusion-builder-column-6 fusion_builder_column_1_1 1_1 fusion-flex-column\" style=\"--awb-bg-size:cover;--awb-width-large:100%;--awb-margin-top-large:0px;--awb-spacing-right-large:1.92%;--awb-margin-bottom-large:0px;--awb-spacing-left-large:1.92%;--awb-width-medium:100%;--awb-order-medium:0;--awb-spacing-right-medium:1.92%;--awb-spacing-left-medium:1.92%;--awb-width-small:100%;--awb-order-small:0;--awb-spacing-right-small:1.92%;--awb-spacing-left-small:1.92%;\"><div class=\"fusion-column-wrapper fusion-column-has-shadow fusion-flex-justify-content-flex-start fusion-content-layout-column\"><div class=\"fusion-text fusion-text-6\"><h2 style=\"text-align: center;\">Equipo Sectorial Industria y Comercio<\/h2>\n<p style=\"text-align: center;\">Su contacto directo en SEHNER.<\/p>\n<\/div><\/div><\/div><div class=\"fusion-layout-column fusion_builder_column fusion-builder-column-7 fusion_builder_column_1_2 1_2 fusion-flex-column teams-flip-card teams-flip-card-geschaftsfuhrung\" style=\"--awb-bg-size:cover;--awb-width-large:50%;--awb-margin-top-large:0px;--awb-spacing-right-large:3.84%;--awb-margin-bottom-large:30px;--awb-spacing-left-large:3.84%;--awb-width-medium:100%;--awb-order-medium:0;--awb-spacing-right-medium:1.92%;--awb-spacing-left-medium:1.92%;--awb-width-small:100%;--awb-order-small:0;--awb-spacing-right-small:1.92%;--awb-spacing-left-small:1.92%;\"><div class=\"fusion-column-wrapper fusion-column-has-shadow fusion-flex-justify-content-flex-start fusion-content-layout-column\"><div class=\"fusion-builder-row fusion-builder-row-inner fusion-row fusion-flex-align-items-flex-start fusion-flex-justify-content-center fusion-flex-content-wrap\" style=\"width:104% !important;max-width:104% !important;margin-left: calc(-4% \/ 2 );margin-right: calc(-4% \/ 2 );\"><div class=\"fusion-layout-column fusion_builder_column_inner fusion-builder-nested-column-0 fusion_builder_column_inner_1_1 1_1 fusion-flex-column teams-front\" style=\"--awb-bg-size:cover;--awb-width-large:100%;--awb-margin-top-large:0px;--awb-spacing-right-large:1.92%;--awb-margin-bottom-large:0px;--awb-spacing-left-large:1.92%;--awb-width-medium:100%;--awb-order-medium:0;--awb-spacing-right-medium:1.92%;--awb-spacing-left-medium:1.92%;--awb-width-small:100%;--awb-order-small:0;--awb-spacing-right-small:1.92%;--awb-spacing-left-small:1.92%;\"><div class=\"fusion-column-wrapper fusion-column-has-shadow fusion-flex-justify-content-flex-start fusion-content-layout-column\"><div class=\"fusion-image-element \" style=\"--awb-caption-title-font-family:var(--h2_typography-font-family);--awb-caption-title-font-weight:var(--h2_typography-font-weight);--awb-caption-title-font-style:var(--h2_typography-font-style);--awb-caption-title-size:var(--h2_typography-font-size);--awb-caption-title-transform:var(--h2_typography-text-transform);--awb-caption-title-line-height:var(--h2_typography-line-height);--awb-caption-title-letter-spacing:var(--h2_typography-letter-spacing);\"><span class=\" fusion-imageframe imageframe-none imageframe-2 hover-type-none\"><img decoding=\"async\" width=\"552\" height=\"325\" title=\"Card_Jan Blobel\" src=\"https:\/\/www.sehner-unternehmensberatung.de\/wp-content\/uploads\/2023\/08\/Card_Jan-Blobel.webp\" alt class=\"img-responsive wp-image-6451\"\/><\/span><\/div><div class=\"fusion-text fusion-text-7\"><p><strong>Jan Blobel<\/strong><\/p>\n<p>Jefe de equipo de Fusiones y Adquisiciones &#8211; Industria y Comercio<\/p>\n<\/div><\/div><\/div><\/div><div class=\"fusion-builder-row fusion-builder-row-inner fusion-row fusion-flex-align-items-flex-start fusion-flex-justify-content-center fusion-flex-content-wrap\" style=\"width:104% !important;max-width:104% !important;margin-left: calc(-4% \/ 2 );margin-right: calc(-4% \/ 2 );\"><div class=\"fusion-layout-column fusion_builder_column_inner fusion-builder-nested-column-1 fusion_builder_column_inner_1_1 1_1 fusion-flex-column teams-back\" style=\"--awb-bg-color:#174266;--awb-bg-color-hover:#174266;--awb-bg-image:url(&#039;https:\/\/www.sehner-unternehmensberatung.de\/wp-content\/uploads\/2023\/05\/SUB-designelement-employee-desktop-x2.png&#039;);--awb-bg-size:cover;--awb-width-large:100%;--awb-margin-top-large:0px;--awb-spacing-right-large:1.92%;--awb-margin-bottom-large:0px;--awb-spacing-left-large:1.92%;--awb-width-medium:100%;--awb-order-medium:0;--awb-spacing-right-medium:1.92%;--awb-spacing-left-medium:1.92%;--awb-width-small:100%;--awb-order-small:0;--awb-spacing-right-small:1.92%;--awb-spacing-left-small:1.92%;\"><div class=\"fusion-column-wrapper fusion-column-has-shadow fusion-flex-justify-content-flex-start fusion-content-layout-column fusion-column-has-bg-image\" data-bg-url=\"https:\/\/www.sehner-unternehmensberatung.de\/wp-content\/uploads\/2023\/05\/SUB-designelement-employee-desktop-x2.png\"><div class=\"fusion-text fusion-text-8\"><p style=\"text-align: center;\"><strong>Jan Blobel<\/strong><\/p>\n<p style=\"text-align: center;\">Jefe de equipo de Fusiones y Adquisiciones &#8211; Industria y Comercio<\/p>\n<p style=\"text-align: center;\">j.blobel@sehner-unternehmensberatung.de<\/p>\n<p style=\"text-align: center;\"><i class=\"fb-icon-element-2 fb-icon-element fontawesome-icon fa-phone-alt fas circle-no fusion-text-flow\" style=\"--awb-font-size: 15px; --awb-margin-right: 7.5px;\"><\/i>+49 40 4011354 0<\/p>\n<\/div><\/div><\/div><\/div><\/div><\/div><div class=\"fusion-layout-column fusion_builder_column fusion-builder-column-8 fusion_builder_column_1_2 1_2 fusion-flex-column teams-flip-card teams-flip-card-geschaftsfuhrung\" style=\"--awb-bg-size:cover;--awb-width-large:50%;--awb-margin-top-large:0px;--awb-spacing-right-large:3.84%;--awb-margin-bottom-large:30px;--awb-spacing-left-large:3.84%;--awb-width-medium:100%;--awb-order-medium:0;--awb-spacing-right-medium:1.92%;--awb-spacing-left-medium:1.92%;--awb-width-small:100%;--awb-order-small:0;--awb-spacing-right-small:1.92%;--awb-spacing-left-small:1.92%;\"><div class=\"fusion-column-wrapper fusion-column-has-shadow fusion-flex-justify-content-flex-start fusion-content-layout-column\"><div class=\"fusion-builder-row fusion-builder-row-inner fusion-row fusion-flex-align-items-flex-start fusion-flex-justify-content-center fusion-flex-content-wrap\" style=\"width:104% !important;max-width:104% !important;margin-left: calc(-4% \/ 2 );margin-right: calc(-4% \/ 2 );\"><div class=\"fusion-layout-column fusion_builder_column_inner fusion-builder-nested-column-2 fusion_builder_column_inner_1_1 1_1 fusion-flex-column teams-front\" style=\"--awb-bg-size:cover;--awb-width-large:100%;--awb-margin-top-large:0px;--awb-spacing-right-large:1.92%;--awb-margin-bottom-large:0px;--awb-spacing-left-large:1.92%;--awb-width-medium:100%;--awb-order-medium:0;--awb-spacing-right-medium:1.92%;--awb-spacing-left-medium:1.92%;--awb-width-small:100%;--awb-order-small:0;--awb-spacing-right-small:1.92%;--awb-spacing-left-small:1.92%;\"><div class=\"fusion-column-wrapper fusion-column-has-shadow fusion-flex-justify-content-flex-start fusion-content-layout-column\"><div class=\"fusion-image-element \" style=\"--awb-caption-title-font-family:var(--h2_typography-font-family);--awb-caption-title-font-weight:var(--h2_typography-font-weight);--awb-caption-title-font-style:var(--h2_typography-font-style);--awb-caption-title-size:var(--h2_typography-font-size);--awb-caption-title-transform:var(--h2_typography-text-transform);--awb-caption-title-line-height:var(--h2_typography-line-height);--awb-caption-title-letter-spacing:var(--h2_typography-letter-spacing);\"><span class=\" fusion-imageframe imageframe-none imageframe-3 hover-type-none\"><img decoding=\"async\" width=\"552\" height=\"325\" title=\"Card Leonie Finke new\" src=\"https:\/\/www.sehner-unternehmensberatung.de\/wp-content\/uploads\/2023\/04\/Card-Leonie-Finke-new.webp\" alt class=\"img-responsive wp-image-10880\" srcset=\"https:\/\/www.sehner-unternehmensberatung.de\/wp-content\/uploads\/2023\/04\/Card-Leonie-Finke-new-200x118.webp 200w, https:\/\/www.sehner-unternehmensberatung.de\/wp-content\/uploads\/2023\/04\/Card-Leonie-Finke-new-300x177.webp 300w, https:\/\/www.sehner-unternehmensberatung.de\/wp-content\/uploads\/2023\/04\/Card-Leonie-Finke-new-400x236.webp 400w, https:\/\/www.sehner-unternehmensberatung.de\/wp-content\/uploads\/2023\/04\/Card-Leonie-Finke-new.webp 552w\" sizes=\"(max-width: 1024px) 100vw, (max-width: 640px) 100vw, 552px\" \/><\/span><\/div><div class=\"fusion-text fusion-text-9\"><p><strong>Leonie Finke<\/strong><\/p>\n<p>Jefe de equipo de Fusiones y Adquisiciones &#8211; Industria y Comercio<\/p>\n<\/div><\/div><\/div><\/div><div class=\"fusion-builder-row fusion-builder-row-inner fusion-row fusion-flex-align-items-flex-start fusion-flex-justify-content-center fusion-flex-content-wrap\" style=\"width:104% !important;max-width:104% !important;margin-left: calc(-4% \/ 2 );margin-right: calc(-4% \/ 2 );\"><div class=\"fusion-layout-column fusion_builder_column_inner fusion-builder-nested-column-3 fusion_builder_column_inner_1_1 1_1 fusion-flex-column teams-back\" style=\"--awb-bg-color:#174266;--awb-bg-color-hover:#174266;--awb-bg-image:url(&#039;https:\/\/www.sehner-unternehmensberatung.de\/wp-content\/uploads\/2023\/05\/SUB-designelement-employee-desktop-x2.png&#039;);--awb-bg-size:cover;--awb-width-large:100%;--awb-margin-top-large:0px;--awb-spacing-right-large:1.92%;--awb-margin-bottom-large:0px;--awb-spacing-left-large:1.92%;--awb-width-medium:100%;--awb-order-medium:0;--awb-spacing-right-medium:1.92%;--awb-spacing-left-medium:1.92%;--awb-width-small:100%;--awb-order-small:0;--awb-spacing-right-small:1.92%;--awb-spacing-left-small:1.92%;\"><div class=\"fusion-column-wrapper fusion-column-has-shadow fusion-flex-justify-content-flex-start fusion-content-layout-column fusion-column-has-bg-image\" data-bg-url=\"https:\/\/www.sehner-unternehmensberatung.de\/wp-content\/uploads\/2023\/05\/SUB-designelement-employee-desktop-x2.png\"><div class=\"fusion-text fusion-text-10\"><p style=\"text-align: center;\"><strong>Leonie Finke<\/strong><\/p>\n<p style=\"text-align: center;\">Jefe de equipo de Fusiones y Adquisiciones &#8211; Industria y Comercio<\/p>\n<p style=\"text-align: center;\">l.finke@sehner-unternehmensberatung.de<\/p>\n<p style=\"text-align: center;\"><i class=\"fb-icon-element-2 fb-icon-element fontawesome-icon fa-phone-alt fas circle-no fusion-text-flow\" style=\"--awb-font-size: 15px; --awb-margin-right: 7.5px;\"><\/i>+49 40 4011354 0<\/p>\n<\/div><\/div><\/div><\/div><\/div><\/div><div class=\"fusion-layout-column fusion_builder_column fusion-builder-column-9 fusion_builder_column_1_2 1_2 fusion-flex-column teams-flip-card teams-flip-card-geschaftsfuhrung\" style=\"--awb-bg-size:cover;--awb-width-large:50%;--awb-margin-top-large:0px;--awb-spacing-right-large:3.84%;--awb-margin-bottom-large:30px;--awb-spacing-left-large:3.84%;--awb-width-medium:100%;--awb-order-medium:0;--awb-spacing-right-medium:1.92%;--awb-spacing-left-medium:1.92%;--awb-width-small:100%;--awb-order-small:0;--awb-spacing-right-small:1.92%;--awb-spacing-left-small:1.92%;\"><div class=\"fusion-column-wrapper fusion-column-has-shadow fusion-flex-justify-content-flex-start fusion-content-layout-column\"><div class=\"fusion-builder-row fusion-builder-row-inner fusion-row fusion-flex-align-items-flex-start fusion-flex-justify-content-center fusion-flex-content-wrap\" style=\"width:104% !important;max-width:104% !important;margin-left: calc(-4% \/ 2 );margin-right: calc(-4% \/ 2 );\"><div class=\"fusion-layout-column fusion_builder_column_inner fusion-builder-nested-column-4 fusion_builder_column_inner_1_1 1_1 fusion-flex-column teams-front\" style=\"--awb-bg-size:cover;--awb-width-large:100%;--awb-margin-top-large:0px;--awb-spacing-right-large:1.92%;--awb-margin-bottom-large:0px;--awb-spacing-left-large:1.92%;--awb-width-medium:100%;--awb-order-medium:0;--awb-spacing-right-medium:1.92%;--awb-spacing-left-medium:1.92%;--awb-width-small:100%;--awb-order-small:0;--awb-spacing-right-small:1.92%;--awb-spacing-left-small:1.92%;\"><div class=\"fusion-column-wrapper fusion-column-has-shadow fusion-flex-justify-content-flex-start fusion-content-layout-column\"><div class=\"fusion-image-element \" style=\"--awb-caption-title-font-family:var(--h2_typography-font-family);--awb-caption-title-font-weight:var(--h2_typography-font-weight);--awb-caption-title-font-style:var(--h2_typography-font-style);--awb-caption-title-size:var(--h2_typography-font-size);--awb-caption-title-transform:var(--h2_typography-text-transform);--awb-caption-title-line-height:var(--h2_typography-line-height);--awb-caption-title-letter-spacing:var(--h2_typography-letter-spacing);\"><span class=\" fusion-imageframe imageframe-none imageframe-4 hover-type-none\"><img decoding=\"async\" width=\"552\" height=\"325\" title=\"Card_Fredrik St\u00fczle\" src=\"https:\/\/www.sehner-unternehmensberatung.de\/wp-content\/uploads\/2024\/01\/Card_Fredrik-Stuzle.webp\" alt class=\"img-responsive wp-image-8897\" srcset=\"https:\/\/www.sehner-unternehmensberatung.de\/wp-content\/uploads\/2024\/01\/Card_Fredrik-Stuzle-200x118.webp 200w, https:\/\/www.sehner-unternehmensberatung.de\/wp-content\/uploads\/2024\/01\/Card_Fredrik-Stuzle-300x177.webp 300w, https:\/\/www.sehner-unternehmensberatung.de\/wp-content\/uploads\/2024\/01\/Card_Fredrik-Stuzle-400x236.webp 400w, https:\/\/www.sehner-unternehmensberatung.de\/wp-content\/uploads\/2024\/01\/Card_Fredrik-Stuzle.webp 552w\" sizes=\"(max-width: 1024px) 100vw, (max-width: 640px) 100vw, 552px\" \/><\/span><\/div><div class=\"fusion-text fusion-text-11\"><p><strong>Fredrik St\u00fctzle<\/strong><\/p>\n<p>Gesti\u00f3n de proyectos Fusiones y adquisiciones &#8211; Industria y comercio<\/p>\n<\/div><\/div><\/div><\/div><div class=\"fusion-builder-row fusion-builder-row-inner fusion-row fusion-flex-align-items-flex-start fusion-flex-justify-content-center fusion-flex-content-wrap\" style=\"width:104% !important;max-width:104% !important;margin-left: calc(-4% \/ 2 );margin-right: calc(-4% \/ 2 );\"><div class=\"fusion-layout-column fusion_builder_column_inner fusion-builder-nested-column-5 fusion_builder_column_inner_1_1 1_1 fusion-flex-column teams-back\" style=\"--awb-bg-color:#174266;--awb-bg-color-hover:#174266;--awb-bg-image:url(&#039;https:\/\/www.sehner-unternehmensberatung.de\/wp-content\/uploads\/2023\/05\/SUB-designelement-employee-desktop-x2.png&#039;);--awb-bg-size:cover;--awb-width-large:100%;--awb-margin-top-large:0px;--awb-spacing-right-large:1.92%;--awb-margin-bottom-large:0px;--awb-spacing-left-large:1.92%;--awb-width-medium:100%;--awb-order-medium:0;--awb-spacing-right-medium:1.92%;--awb-spacing-left-medium:1.92%;--awb-width-small:100%;--awb-order-small:0;--awb-spacing-right-small:1.92%;--awb-spacing-left-small:1.92%;\"><div class=\"fusion-column-wrapper fusion-column-has-shadow fusion-flex-justify-content-flex-start fusion-content-layout-column fusion-column-has-bg-image\" data-bg-url=\"https:\/\/www.sehner-unternehmensberatung.de\/wp-content\/uploads\/2023\/05\/SUB-designelement-employee-desktop-x2.png\"><div class=\"fusion-text fusion-text-12\"><p style=\"text-align: center;\"><strong>Fredrik St\u00fctzle<\/strong><\/p>\n<p style=\"text-align: center;\">Gesti\u00f3n de proyectos Fusiones y adquisiciones &#8211; Industria y comercio<\/p>\n<p style=\"text-align: center;\">f.stuetzle@sehner-unternehmensberatung.de<\/p>\n<p style=\"text-align: center;\"><i class=\"fb-icon-element-2 fb-icon-element fontawesome-icon fa-phone-alt fas circle-no fusion-text-flow\" style=\"--awb-font-size: 15px; --awb-margin-right: 7.5px;\"><\/i>+49 40 4011354 0<\/p>\n<\/div><\/div><\/div><\/div><\/div><\/div><div class=\"fusion-layout-column fusion_builder_column fusion-builder-column-10 fusion_builder_column_1_2 1_2 fusion-flex-column teams-flip-card teams-flip-card-geschaftsfuhrung\" style=\"--awb-bg-size:cover;--awb-width-large:50%;--awb-margin-top-large:0px;--awb-spacing-right-large:3.84%;--awb-margin-bottom-large:30px;--awb-spacing-left-large:3.84%;--awb-width-medium:100%;--awb-order-medium:0;--awb-spacing-right-medium:1.92%;--awb-spacing-left-medium:1.92%;--awb-width-small:100%;--awb-order-small:0;--awb-spacing-right-small:1.92%;--awb-spacing-left-small:1.92%;\"><div class=\"fusion-column-wrapper fusion-column-has-shadow fusion-flex-justify-content-flex-start fusion-content-layout-column\"><div class=\"fusion-builder-row fusion-builder-row-inner fusion-row fusion-flex-align-items-flex-start fusion-flex-justify-content-center fusion-flex-content-wrap\" style=\"width:104% !important;max-width:104% !important;margin-left: calc(-4% \/ 2 );margin-right: calc(-4% \/ 2 );\"><div class=\"fusion-layout-column fusion_builder_column_inner fusion-builder-nested-column-6 fusion_builder_column_inner_1_1 1_1 fusion-flex-column teams-front\" style=\"--awb-bg-size:cover;--awb-width-large:100%;--awb-margin-top-large:0px;--awb-spacing-right-large:1.92%;--awb-margin-bottom-large:0px;--awb-spacing-left-large:1.92%;--awb-width-medium:100%;--awb-order-medium:0;--awb-spacing-right-medium:1.92%;--awb-spacing-left-medium:1.92%;--awb-width-small:100%;--awb-order-small:0;--awb-spacing-right-small:1.92%;--awb-spacing-left-small:1.92%;\"><div class=\"fusion-column-wrapper fusion-column-has-shadow fusion-flex-justify-content-flex-start fusion-content-layout-column\"><div class=\"fusion-image-element \" style=\"--awb-caption-title-font-family:var(--h2_typography-font-family);--awb-caption-title-font-weight:var(--h2_typography-font-weight);--awb-caption-title-font-style:var(--h2_typography-font-style);--awb-caption-title-size:var(--h2_typography-font-size);--awb-caption-title-transform:var(--h2_typography-text-transform);--awb-caption-title-line-height:var(--h2_typography-line-height);--awb-caption-title-letter-spacing:var(--h2_typography-letter-spacing);\"><span class=\" fusion-imageframe imageframe-none imageframe-5 hover-type-none\"><img decoding=\"async\" width=\"552\" height=\"325\" alt=\"Jens Ahlen photo\" title=\"Card_Jens Ahlen\" src=\"https:\/\/www.sehner-unternehmensberatung.de\/wp-content\/uploads\/2025\/12\/Card_Jens-Ahlen.jpg\" class=\"img-responsive wp-image-13186\" srcset=\"https:\/\/www.sehner-unternehmensberatung.de\/wp-content\/uploads\/2025\/12\/Card_Jens-Ahlen-200x118.jpg 200w, https:\/\/www.sehner-unternehmensberatung.de\/wp-content\/uploads\/2025\/12\/Card_Jens-Ahlen-400x236.jpg 400w, https:\/\/www.sehner-unternehmensberatung.de\/wp-content\/uploads\/2025\/12\/Card_Jens-Ahlen.jpg 552w\" sizes=\"(max-width: 1024px) 100vw, (max-width: 640px) 100vw, 552px\" \/><\/span><\/div><div class=\"fusion-text fusion-text-13\"><p><strong>Jens Ahlen<\/strong><\/p>\n<p>Gesti\u00f3n de proyectos Fusiones y adquisiciones \u2013 Industria y comercio<\/p>\n<\/div><\/div><\/div><\/div><div class=\"fusion-builder-row fusion-builder-row-inner fusion-row fusion-flex-align-items-flex-start fusion-flex-justify-content-center fusion-flex-content-wrap\" style=\"width:104% !important;max-width:104% !important;margin-left: calc(-4% \/ 2 );margin-right: calc(-4% \/ 2 );\"><div class=\"fusion-layout-column fusion_builder_column_inner fusion-builder-nested-column-7 fusion_builder_column_inner_1_1 1_1 fusion-flex-column teams-back\" style=\"--awb-bg-color:#174266;--awb-bg-color-hover:#174266;--awb-bg-image:url(&#039;https:\/\/www.sehner-unternehmensberatung.de\/wp-content\/uploads\/2023\/05\/SUB-designelement-employee-desktop-x2.png&#039;);--awb-bg-size:cover;--awb-width-large:100%;--awb-margin-top-large:0px;--awb-spacing-right-large:1.92%;--awb-margin-bottom-large:0px;--awb-spacing-left-large:1.92%;--awb-width-medium:100%;--awb-order-medium:0;--awb-spacing-right-medium:1.92%;--awb-spacing-left-medium:1.92%;--awb-width-small:100%;--awb-order-small:0;--awb-spacing-right-small:1.92%;--awb-spacing-left-small:1.92%;\"><div class=\"fusion-column-wrapper fusion-column-has-shadow fusion-flex-justify-content-flex-start fusion-content-layout-column fusion-column-has-bg-image\" data-bg-url=\"https:\/\/www.sehner-unternehmensberatung.de\/wp-content\/uploads\/2023\/05\/SUB-designelement-employee-desktop-x2.png\"><div class=\"fusion-text fusion-text-14\"><p style=\"text-align: center;\"><strong>Jens Ahlen<\/strong><\/p>\n<p style=\"text-align: center;\">Gesti\u00f3n de proyectos Fusiones y adquisiciones \u2013 Industria y comercio<\/p>\n<p style=\"text-align: center;\"><i class=\"fb-icon-element-2 fb-icon-element fontawesome-icon fa-phone-alt fas circle-no fusion-text-flow\"><\/i>+49 40 4011354 0<\/p>\n<\/div><\/div><\/div><\/div><\/div><\/div><\/div><\/div><\/p>\n","protected":false},"excerpt":{"rendered":"","protected":false},"author":1,"featured_media":0,"parent":0,"menu_order":0,"comment_status":"closed","ping_status":"closed","template":"100-width-last-news.php","meta":{"_acf_changed":false,"footnotes":""},"acf":[],"yoast_head":"<!-- This site is optimized with the Yoast SEO plugin v22.5 - https:\/\/yoast.com\/wordpress\/plugins\/seo\/ -->\n<title>Industria y comercio - Sehner Unternehmensberatung<\/title>\n<meta name=\"description\" content=\"Industria y comercio - Sehner Unternehmensberatung\" \/>\n<meta name=\"robots\" content=\"index, follow, max-snippet:-1, max-image-preview:large, max-video-preview:-1\" \/>\n<link rel=\"canonical\" href=\"https:\/\/www.sehner-unternehmensberatung.de\/es\/industria-y-comercio\/\" \/>\n<meta property=\"og:locale\" content=\"es_ES\" \/>\n<meta property=\"og:type\" content=\"article\" \/>\n<meta property=\"og:title\" content=\"Industria y comercio - Sehner Unternehmensberatung\" \/>\n<meta property=\"og:description\" content=\"Industria y comercio - Sehner Unternehmensberatung\" \/>\n<meta property=\"og:url\" content=\"https:\/\/www.sehner-unternehmensberatung.de\/es\/industria-y-comercio\/\" \/>\n<meta property=\"og:site_name\" content=\"Sehner Unternehmensberatung\" \/>\n<meta property=\"article:modified_time\" content=\"2025-12-12T15:52:01+00:00\" \/>\n<meta property=\"og:image\" content=\"https:\/\/www.sehner-unternehmensberatung.de\/wp-content\/uploads\/2024\/03\/subogimg.png\" \/>\n\t<meta property=\"og:image:width\" content=\"500\" \/>\n\t<meta property=\"og:image:height\" content=\"500\" \/>\n\t<meta property=\"og:image:type\" content=\"image\/png\" \/>\n<meta name=\"twitter:card\" content=\"summary_large_image\" \/>\n<meta name=\"twitter:label1\" content=\"Est. reading time\" \/>\n\t<meta name=\"twitter:data1\" content=\"6 minutes\" \/>\n<script type=\"application\/ld+json\" class=\"yoast-schema-graph\">{\"@context\":\"https:\/\/schema.org\",\"@graph\":[{\"@type\":\"WebPage\",\"@id\":\"https:\/\/www.sehner-unternehmensberatung.de\/es\/industria-y-comercio\/\",\"url\":\"https:\/\/www.sehner-unternehmensberatung.de\/es\/industria-y-comercio\/\",\"name\":\"Industria y comercio - Sehner Unternehmensberatung\",\"isPartOf\":{\"@id\":\"https:\/\/www.sehner-unternehmensberatung.de\/es\/#website\"},\"datePublished\":\"2023-05-03T10:01:48+00:00\",\"dateModified\":\"2025-12-12T15:52:01+00:00\",\"description\":\"Industria y comercio - Sehner Unternehmensberatung\",\"inLanguage\":\"es-ES\",\"potentialAction\":[{\"@type\":\"ReadAction\",\"target\":[\"https:\/\/www.sehner-unternehmensberatung.de\/es\/industria-y-comercio\/\"]}]},{\"@type\":\"WebSite\",\"@id\":\"https:\/\/www.sehner-unternehmensberatung.de\/es\/#website\",\"url\":\"https:\/\/www.sehner-unternehmensberatung.de\/es\/\",\"name\":\"Sehner Unternehmensberatung\",\"description\":\"Investoren - Deals - M\u00e4rkte\",\"publisher\":{\"@id\":\"https:\/\/www.sehner-unternehmensberatung.de\/es\/#organization\"},\"potentialAction\":[{\"@type\":\"SearchAction\",\"target\":{\"@type\":\"EntryPoint\",\"urlTemplate\":\"https:\/\/www.sehner-unternehmensberatung.de\/es\/?s={search_term_string}\"},\"query-input\":\"required name=search_term_string\"}],\"inLanguage\":\"es-ES\"},{\"@type\":\"Organization\",\"@id\":\"https:\/\/www.sehner-unternehmensberatung.de\/es\/#organization\",\"name\":\"Sehner Unternehmensberatung\",\"url\":\"https:\/\/www.sehner-unternehmensberatung.de\/es\/\",\"logo\":{\"@type\":\"ImageObject\",\"inLanguage\":\"es-ES\",\"@id\":\"https:\/\/www.sehner-unternehmensberatung.de\/es\/#\/schema\/logo\/image\/\",\"url\":\"https:\/\/www.sehner-unternehmensberatung.de\/wp-content\/uploads\/2024\/03\/subogimg.png\",\"contentUrl\":\"https:\/\/www.sehner-unternehmensberatung.de\/wp-content\/uploads\/2024\/03\/subogimg.png\",\"width\":500,\"height\":500,\"caption\":\"Sehner Unternehmensberatung\"},\"image\":{\"@id\":\"https:\/\/www.sehner-unternehmensberatung.de\/es\/#\/schema\/logo\/image\/\"}}]}<\/script>\n<!-- \/ Yoast SEO plugin. -->","yoast_head_json":{"title":"Industria y comercio - Sehner Unternehmensberatung","description":"Industria y comercio - Sehner Unternehmensberatung","robots":{"index":"index","follow":"follow","max-snippet":"max-snippet:-1","max-image-preview":"max-image-preview:large","max-video-preview":"max-video-preview:-1"},"canonical":"https:\/\/www.sehner-unternehmensberatung.de\/es\/industria-y-comercio\/","og_locale":"es_ES","og_type":"article","og_title":"Industria y comercio - Sehner Unternehmensberatung","og_description":"Industria y comercio - Sehner Unternehmensberatung","og_url":"https:\/\/www.sehner-unternehmensberatung.de\/es\/industria-y-comercio\/","og_site_name":"Sehner Unternehmensberatung","article_modified_time":"2025-12-12T15:52:01+00:00","og_image":[{"width":500,"height":500,"url":"https:\/\/www.sehner-unternehmensberatung.de\/wp-content\/uploads\/2024\/03\/subogimg.png","type":"image\/png"}],"twitter_card":"summary_large_image","twitter_misc":{"Est. reading time":"6 minutes"},"schema":{"@context":"https:\/\/schema.org","@graph":[{"@type":"WebPage","@id":"https:\/\/www.sehner-unternehmensberatung.de\/es\/industria-y-comercio\/","url":"https:\/\/www.sehner-unternehmensberatung.de\/es\/industria-y-comercio\/","name":"Industria y comercio - Sehner Unternehmensberatung","isPartOf":{"@id":"https:\/\/www.sehner-unternehmensberatung.de\/es\/#website"},"datePublished":"2023-05-03T10:01:48+00:00","dateModified":"2025-12-12T15:52:01+00:00","description":"Industria y comercio - Sehner Unternehmensberatung","inLanguage":"es-ES","potentialAction":[{"@type":"ReadAction","target":["https:\/\/www.sehner-unternehmensberatung.de\/es\/industria-y-comercio\/"]}]},{"@type":"WebSite","@id":"https:\/\/www.sehner-unternehmensberatung.de\/es\/#website","url":"https:\/\/www.sehner-unternehmensberatung.de\/es\/","name":"Sehner Unternehmensberatung","description":"Investoren - Deals - M\u00e4rkte","publisher":{"@id":"https:\/\/www.sehner-unternehmensberatung.de\/es\/#organization"},"potentialAction":[{"@type":"SearchAction","target":{"@type":"EntryPoint","urlTemplate":"https:\/\/www.sehner-unternehmensberatung.de\/es\/?s={search_term_string}"},"query-input":"required name=search_term_string"}],"inLanguage":"es-ES"},{"@type":"Organization","@id":"https:\/\/www.sehner-unternehmensberatung.de\/es\/#organization","name":"Sehner Unternehmensberatung","url":"https:\/\/www.sehner-unternehmensberatung.de\/es\/","logo":{"@type":"ImageObject","inLanguage":"es-ES","@id":"https:\/\/www.sehner-unternehmensberatung.de\/es\/#\/schema\/logo\/image\/","url":"https:\/\/www.sehner-unternehmensberatung.de\/wp-content\/uploads\/2024\/03\/subogimg.png","contentUrl":"https:\/\/www.sehner-unternehmensberatung.de\/wp-content\/uploads\/2024\/03\/subogimg.png","width":500,"height":500,"caption":"Sehner Unternehmensberatung"},"image":{"@id":"https:\/\/www.sehner-unternehmensberatung.de\/es\/#\/schema\/logo\/image\/"}}]}},"_links":{"self":[{"href":"https:\/\/www.sehner-unternehmensberatung.de\/es\/wp-json\/wp\/v2\/pages\/6819"}],"collection":[{"href":"https:\/\/www.sehner-unternehmensberatung.de\/es\/wp-json\/wp\/v2\/pages"}],"about":[{"href":"https:\/\/www.sehner-unternehmensberatung.de\/es\/wp-json\/wp\/v2\/types\/page"}],"author":[{"embeddable":true,"href":"https:\/\/www.sehner-unternehmensberatung.de\/es\/wp-json\/wp\/v2\/users\/1"}],"replies":[{"embeddable":true,"href":"https:\/\/www.sehner-unternehmensberatung.de\/es\/wp-json\/wp\/v2\/comments?post=6819"}],"version-history":[{"count":15,"href":"https:\/\/www.sehner-unternehmensberatung.de\/es\/wp-json\/wp\/v2\/pages\/6819\/revisions"}],"predecessor-version":[{"id":13209,"href":"https:\/\/www.sehner-unternehmensberatung.de\/es\/wp-json\/wp\/v2\/pages\/6819\/revisions\/13209"}],"wp:attachment":[{"href":"https:\/\/www.sehner-unternehmensberatung.de\/es\/wp-json\/wp\/v2\/media?parent=6819"}],"curies":[{"name":"wp","href":"https:\/\/api.w.org\/{rel}","templated":true}]}}